

{"id":40102,"date":"2019-02-20T09:15:41","date_gmt":"2019-02-20T06:15:41","guid":{"rendered":"https:\/\/profaj.com\/ekip\/cagatay-torun\/"},"modified":"2025-01-31T14:49:28","modified_gmt":"2025-01-31T11:49:28","slug":"cagatay-torun","status":"publish","type":"ekip","link":"https:\/\/profaj.com\/en\/ekip\/cagatay-torun\/","title":{"rendered":"\u00c7a\u011fatay T\u00f6r\u00fcn"},"content":{"rendered":"<section class=\"l-section wpb_row height_medium\"><div class=\"l-section-h i-cf\"><div class=\"g-cols vc_row via_flex valign_top type_default\"><div class=\"vc_col-sm-4 wpb_column vc_column_container\"><div class=\"vc_column-inner\"><div class=\"wpb_wrapper\"><div class=\"w-image align_none\"><div class=\"w-image-h\"><img loading=\"lazy\" decoding=\"async\" width=\"1024\" height=\"1024\" src=\"https:\/\/profaj.com\/wp-content\/uploads\/2019\/02\/cagatay-torun-profaj-photo-1024x1024.jpg\" class=\"attachment-large size-large\" alt=\"\" srcset=\"https:\/\/profaj.com\/wp-content\/uploads\/2019\/02\/cagatay-torun-profaj-photo-1024x1024.jpg 1024w, https:\/\/profaj.com\/wp-content\/uploads\/2019\/02\/cagatay-torun-profaj-photo-300x300.jpg 300w, https:\/\/profaj.com\/wp-content\/uploads\/2019\/02\/cagatay-torun-profaj-photo-150x150.jpg 150w, https:\/\/profaj.com\/wp-content\/uploads\/2019\/02\/cagatay-torun-profaj-photo-350x350.jpg 350w, https:\/\/profaj.com\/wp-content\/uploads\/2019\/02\/cagatay-torun-profaj-photo-600x600.jpg 600w, https:\/\/profaj.com\/wp-content\/uploads\/2019\/02\/cagatay-torun-profaj-photo-450x450.jpg 450w, https:\/\/profaj.com\/wp-content\/uploads\/2019\/02\/cagatay-torun-profaj-photo-533x533.jpg 533w, https:\/\/profaj.com\/wp-content\/uploads\/2019\/02\/cagatay-torun-profaj-photo.jpg 1080w\" sizes=\"auto, (max-width: 1024px) 100vw, 1024px\" \/><\/div><\/div><\/div><\/div><\/div><div class=\"vc_col-sm-8 wpb_column vc_column_container\"><div class=\"vc_column-inner\"><div class=\"wpb_wrapper\"><div class=\"wpb_text_column lowpadding\"><div class=\"wpb_wrapper\"><h3>\u00c7a\u011fatay T\u00f6r\u00fcn<\/h3>\n<p><strong><\/strong><\/p>\n<p><a href=\"mailto:\"><\/a><\/p>\n<\/div><\/div><div class=\"w-separator size_custom\" style=\"height:0.5rem\"><\/div><div class=\"wpb_text_column\"><div class=\"wpb_wrapper\"><p>Ege \u00dcniversitesi Reklamc\u0131l\u0131k B\u00f6l\u00fcm\u00fc ve \u0130stanbul \u00dcniversitesi Sosyoloji Mezunu.<\/p>\n<p>Profaj\u2019da 2 sene Sosyal Medya Uzman\u0131 olarak \u00e7al\u0131\u015ft\u0131ktan sonra kariyerine <strong>\u0130\u015f Geli\u015ftirme Uzman\u0131<\/strong> olarak devam ediyor. Markalara 360 derece hizmet \u00fcreten bu pozisyonda, ulusal ve uluslararas\u0131 markalar\u0131n t\u00fcm i\u015f s\u00fcre\u00e7lerine dahil oldu.<\/p>\n<p><b>Yetenek ve Uzmanl\u0131klar\u0131:<\/b><\/p>\n<ul>\n<li>M\u00fc\u015fteri \u0130li\u015fkileri<\/li>\n<li>Marka Y\u00f6netimi<\/li>\n<li>\u0130\u00e7erik Pazarlamas\u0131<\/li>\n<li>Dijital Pazarlama<\/li>\n<li>Sosyal Medya Y\u00f6netimi<\/li>\n<li>Metin Yazarl\u0131\u011f\u0131<\/li>\n<li>\u0130\u015f Geli\u015ftirme<\/li>\n<li>Kurumsal \u0130leti\u015fim<\/li>\n<li>Stratejik Planlama<\/li>\n<\/ul>\n<\/div><\/div><\/div><\/div><\/div><\/div><\/div><\/section>\n","protected":false},"excerpt":{"rendered":"\u00c7a\u011fatay T\u00f6r\u00fcn Ege \u00dcniversitesi Reklamc\u0131l\u0131k B\u00f6l\u00fcm\u00fc ve \u0130stanbul \u00dcniversitesi Sosyoloji Mezunu. Profaj\u2019da 2 sene Sosyal Medya Uzman\u0131 olarak \u00e7al\u0131\u015ft\u0131ktan sonra kariyerine \u0130\u015f Geli\u015ftirme Uzman\u0131 olarak devam ediyor. Markalara 360 derece hizmet \u00fcreten bu pozisyonda, ulusal ve uluslararas\u0131 markalar\u0131n t\u00fcm i\u015f s\u00fcre\u00e7lerine dahil oldu. Yetenek ve Uzmanl\u0131klar\u0131: M\u00fc\u015fteri \u0130li\u015fkileri Marka Y\u00f6netimi \u0130\u00e7erik Pazarlamas\u0131 Dijital Pazarlama Sosyal...","protected":false},"featured_media":40198,"template":"","meta":[],"ekip_departman":[934],"class_list":["post-40102","ekip","type-ekip","status-publish","has-post-thumbnail","hentry","ekip_departman-customer-relations"],"_links":{"self":[{"href":"https:\/\/profaj.com\/en\/wp-json\/wp\/v2\/ekip\/40102","targetHints":{"allow":["GET"]}}],"collection":[{"href":"https:\/\/profaj.com\/en\/wp-json\/wp\/v2\/ekip"}],"about":[{"href":"https:\/\/profaj.com\/en\/wp-json\/wp\/v2\/types\/ekip"}],"wp:featuredmedia":[{"embeddable":true,"href":"https:\/\/profaj.com\/en\/wp-json\/wp\/v2\/media\/40198"}],"wp:attachment":[{"href":"https:\/\/profaj.com\/en\/wp-json\/wp\/v2\/media?parent=40102"}],"wp:term":[{"taxonomy":"ekip_departman","embeddable":true,"href":"https:\/\/profaj.com\/en\/wp-json\/wp\/v2\/ekip_departman?post=40102"}],"curies":[{"name":"wp","href":"https:\/\/api.w.org\/{rel}","templated":true}]}}