

{"id":40104,"date":"2019-01-02T12:46:36","date_gmt":"2019-01-02T12:46:36","guid":{"rendered":"https:\/\/profaj.com\/ekip\/direnc-altay\/"},"modified":"2019-01-02T12:46:36","modified_gmt":"2019-01-02T12:46:36","slug":"direnc-altay","status":"publish","type":"ekip","link":"https:\/\/profaj.com\/en\/ekip\/direnc-altay\/","title":{"rendered":"Diren\u00e7 Altay"},"content":{"rendered":"<section class=\"l-section wpb_row height_medium\"><div class=\"l-section-h i-cf\"><div class=\"g-cols vc_row via_flex valign_top type_default\"><div class=\"vc_col-sm-4 wpb_column vc_column_container\"><div class=\"vc_column-inner\"><div class=\"wpb_wrapper\"><div class=\"w-image align_none\"><div class=\"w-image-h\"><img loading=\"lazy\" decoding=\"async\" width=\"1024\" height=\"1024\" src=\"https:\/\/profaj.com\/wp-content\/uploads\/2019\/01\/direnc-altay-1-1024x1024.jpg\" class=\"attachment-large size-large\" alt=\"\" srcset=\"https:\/\/profaj.com\/wp-content\/uploads\/2019\/01\/direnc-altay-1-1024x1024.jpg 1024w, https:\/\/profaj.com\/wp-content\/uploads\/2019\/01\/direnc-altay-1-150x150.jpg 150w, https:\/\/profaj.com\/wp-content\/uploads\/2019\/01\/direnc-altay-1-300x300.jpg 300w, https:\/\/profaj.com\/wp-content\/uploads\/2019\/01\/direnc-altay-1-350x350.jpg 350w, https:\/\/profaj.com\/wp-content\/uploads\/2019\/01\/direnc-altay-1-600x600.jpg 600w, https:\/\/profaj.com\/wp-content\/uploads\/2019\/01\/direnc-altay-1.jpg 1200w\" sizes=\"auto, (max-width: 1024px) 100vw, 1024px\" \/><\/div><\/div><\/div><\/div><\/div><div class=\"vc_col-sm-8 wpb_column vc_column_container\"><div class=\"vc_column-inner\"><div class=\"wpb_wrapper\"><div class=\"wpb_text_column lowpadding\"><div class=\"wpb_wrapper\"><h3>Diren\u00e7 Altay<\/h3>\n<p><strong><\/strong><\/p>\n<p><a href=\"mailto:\"><\/a><\/p>\n<\/div><\/div><div class=\"w-separator size_custom\" style=\"height:0.5rem\"><\/div><div class=\"wpb_text_column\"><div class=\"wpb_wrapper\"><p>1976 \u0130zmir do\u011fumlu. A\u00d6F Turizm ve Otel \u0130\u015fletmecili\u011fi b\u00f6l\u00fcm\u00fcnde okurken reklam sekt\u00f6r\u00fcne olan ilgisini farketti. O y\u0131l ayn\u0131 zamanda bir reklam ajans\u0131nda \u00e7al\u0131\u015fmaya ba\u015flad\u0131. Bu deneyim hayat\u0131nda yeni bir d\u00f6n\u00fcm noktas\u0131 oldu.1996 y\u0131l\u0131ndan beri \u00e7e\u015fitli ajanslarda hizmet verdi. 2018 Nisan\u2019da Profaj ailesine kat\u0131ld\u0131.<\/p>\n<p><b>Yetenek ve Uzmanl\u0131klar\u0131:<\/b><\/p>\n<ul>\n<li>Logo ve Amblem<\/li>\n<li>Kurumsal Kimlik<\/li>\n<li>Katalog, Bro\u015f\u00fcr<\/li>\n<li>Bas\u0131n \u0130lanlar\u0131 (Gazete, Dergi)<\/li>\n<li>Kitap Kapaklar\u0131<\/li>\n<li>Poster, Afi\u015f<\/li>\n<li>Ambalaj<\/li>\n<li>A\u00e7\u0131k Hava Reklamc\u0131l\u0131\u011f\u0131 (Billboard-Raket-Bina ve Ara\u00e7 Giydirme) tasar\u0131mlar\u0131<\/li>\n<\/ul>\n<\/div><\/div><\/div><\/div><\/div><\/div><\/div><\/section>\n","protected":false},"excerpt":{"rendered":"Diren\u00e7 Altay 1976 \u0130zmir do\u011fumlu. A\u00d6F Turizm ve Otel \u0130\u015fletmecili\u011fi b\u00f6l\u00fcm\u00fcnde okurken reklam sekt\u00f6r\u00fcne olan ilgisini farketti. O y\u0131l ayn\u0131 zamanda bir reklam ajans\u0131nda \u00e7al\u0131\u015fmaya ba\u015flad\u0131. Bu deneyim hayat\u0131nda yeni bir d\u00f6n\u00fcm noktas\u0131 oldu.1996 y\u0131l\u0131ndan beri \u00e7e\u015fitli ajanslarda hizmet verdi. 2018 Nisan\u2019da Profaj ailesine kat\u0131ld\u0131. Yetenek ve Uzmanl\u0131klar\u0131: Logo ve Amblem Kurumsal Kimlik Katalog, Bro\u015f\u00fcr...","protected":false},"featured_media":28564,"template":"","meta":[],"ekip_departman":[935],"class_list":["post-40104","ekip","type-ekip","status-publish","has-post-thumbnail","hentry","ekip_departman-creative"],"_links":{"self":[{"href":"https:\/\/profaj.com\/en\/wp-json\/wp\/v2\/ekip\/40104","targetHints":{"allow":["GET"]}}],"collection":[{"href":"https:\/\/profaj.com\/en\/wp-json\/wp\/v2\/ekip"}],"about":[{"href":"https:\/\/profaj.com\/en\/wp-json\/wp\/v2\/types\/ekip"}],"wp:featuredmedia":[{"embeddable":true,"href":"https:\/\/profaj.com\/en\/wp-json\/wp\/v2\/media\/28564"}],"wp:attachment":[{"href":"https:\/\/profaj.com\/en\/wp-json\/wp\/v2\/media?parent=40104"}],"wp:term":[{"taxonomy":"ekip_departman","embeddable":true,"href":"https:\/\/profaj.com\/en\/wp-json\/wp\/v2\/ekip_departman?post=40104"}],"curies":[{"name":"wp","href":"https:\/\/api.w.org\/{rel}","templated":true}]}}